{"id":29,"date":"2015-07-23T21:06:43","date_gmt":"2015-07-23T21:06:43","guid":{"rendered":"http:\/\/bambutec.com.br\/wp\/?page_id=29"},"modified":"2023-07-25T21:32:10","modified_gmt":"2023-07-25T21:32:10","slug":"cliente","status":"publish","type":"page","link":"http:\/\/bambutec.com.br\/en\/cliente\/","title":{"rendered":"Clients"},"content":{"rendered":"<div class=\"wp-block-columns is-layout-flex wp-container-core-columns-is-layout-28f84493 wp-block-columns-is-layout-flex\">\n<div class=\"wp-block-column is-layout-flow wp-block-column-is-layout-flow\">\n<div class=\"wp-block-columns is-layout-flex wp-container-core-columns-is-layout-28f84493 wp-block-columns-is-layout-flex\">\n<div class=\"wp-block-column is-layout-flow wp-block-column-is-layout-flow\">\n<p>Associa\u00e7\u00e3o Brasileira de Arte Fotogr\u00e1fica \u2013 ABAF<\/p>\n\n\n\n<p>Banco da Provid\u00eancia<\/p>\n\n\n\n<p>Casa da Ci\u00eancia \u2013 UFRJ<\/p>\n\n\n\n<p>Centro Educacional An\u00edsio Teixeira \u2013 CEAT<\/p>\n\n\n\n<p>Centro de Estudos de Desenvolvimento Sustent\u00e1vel \u2013 CIEDS<\/p>\n\n\n\n<p>Confedera\u00e7\u00e3o Nacional do Com\u00e9rcio \u2013 CNC<\/p>\n\n\n\n<p>Dream Factory<\/p>\n\n\n\n<p>Dr. Veit Produtos Oral Care<\/p>\n\n\n\n<p>Esta\u00e7\u00e3o Cinema e Cultura<\/p>\n\n\n\n<p>Firjan<\/p>\n\n\n\n<p><\/p>\n<\/div>\n\n\n\n<div class=\"wp-block-column is-layout-flow wp-block-column-is-layout-flow\">\n<p>Funda\u00e7\u00e3o Oswaldo Cruz<\/p>\n\n\n\n<p>Funda\u00e7\u00e3o Roberto Marinho<\/p>\n\n\n\n<p>Grupo P\u00e3o de A\u00e7\u00facar<\/p>\n\n\n\n<p>Ag\u00eancia Alem\u00e3 de Coopera\u00e7\u00e3o T\u00e9cnica \u2013 GIZ<\/p>\n\n\n\n<p>Botanical Garden of Rio de Janeiro<\/p>\n\n\n\n<p>MERCK<\/p>\n\n\n\n<p>Museu da Rep\u00fablica<\/p>\n\n\n\n<p>Museu do Amanh\u00e3<\/p>\n\n\n\n<p>Osklen<\/p>\n\n\n\n<p>Parque Lage<\/p>\n<\/div>\n\n\n\n<div class=\"wp-block-column is-layout-flow wp-block-column-is-layout-flow\">\n<p>Petrobras<\/p>\n\n\n\n<p>Planeta Org\u00e2nico<\/p>\n\n\n\n<p>Prefeitura da Cidade do Rio de Janeiro<\/p>\n\n\n\n<p>PUC-Rio<\/p>\n\n\n\n<p>Rio de Neg\u00f3cios<\/p>\n\n\n\n<p>Rio Vaa Clube<\/p>\n\n\n\n<p>Senac<\/p>\n\n\n\n<p>Servi\u00e7o Social do Com\u00e9rcio &#8211; Sesc<\/p>\n\n\n\n<p>Servi\u00e7o Social da Ind\u00fastria &#8211; SESI<\/p>\n<\/div>\n<\/div>\n<\/div>\n<\/div>\n\n\n\n<div style=\"height:55px\" aria-hidden=\"true\" class=\"wp-block-spacer\"><\/div>\n\n\n\n<figure class=\"wp-block-image alignfull size-full\"><a href=\"http:\/\/bambutec.com.br\/wp-content\/uploads\/2020\/11\/Estrutura-em-bambu-e-biomateriais.jpg\"><img loading=\"lazy\" decoding=\"async\" width=\"1440\" height=\"419\" src=\"http:\/\/bambutec.com.br\/wp-content\/uploads\/2020\/11\/Estrutura-em-bambu-e-biomateriais.jpg\" alt=\"\" class=\"wp-image-1073\" srcset=\"http:\/\/bambutec.com.br\/wp-content\/uploads\/2020\/11\/Estrutura-em-bambu-e-biomateriais.jpg 1440w, http:\/\/bambutec.com.br\/wp-content\/uploads\/2020\/11\/Estrutura-em-bambu-e-biomateriais-410x119.jpg 410w, http:\/\/bambutec.com.br\/wp-content\/uploads\/2020\/11\/Estrutura-em-bambu-e-biomateriais-768x223.jpg 768w, http:\/\/bambutec.com.br\/wp-content\/uploads\/2020\/11\/Estrutura-em-bambu-e-biomateriais-830x242.jpg 830w, http:\/\/bambutec.com.br\/wp-content\/uploads\/2020\/11\/Estrutura-em-bambu-e-biomateriais-100x29.jpg 100w, http:\/\/bambutec.com.br\/wp-content\/uploads\/2020\/11\/Estrutura-em-bambu-e-biomateriais-200x58.jpg 200w, http:\/\/bambutec.com.br\/wp-content\/uploads\/2020\/11\/Estrutura-em-bambu-e-biomateriais-1250x364.jpg 1250w\" sizes=\"auto, (max-width: 1440px) 100vw, 1440px\" \/><\/a><\/figure>","protected":false},"excerpt":{"rendered":"<p>Associa\u00e7\u00e3o Brasileira de Arte Fotogr\u00e1fica \u2013 ABAF Banco da Provid\u00eancia Casa da Ci\u00eancia \u2013 UFRJ Centro Educacional An\u00edsio Teixeira \u2013 CEAT Centro de Estudos de Desenvolvimento Sustent\u00e1vel \u2013 CIEDS Confedera\u00e7\u00e3o Nacional do Com\u00e9rcio \u2013 CNC Dream Factory Dr. Veit Produtos Oral Care Esta\u00e7\u00e3o Cinema e Cultura Firjan Funda\u00e7\u00e3o Oswaldo Cruz Funda\u00e7\u00e3o Roberto Marinho Grupo P\u00e3o [&hellip;]<\/p>","protected":false},"author":1,"featured_media":0,"parent":0,"menu_order":0,"comment_status":"open","ping_status":"open","template":"templates\/page-center-full.php","meta":{"footnotes":""},"class_list":["post-29","page","type-page","status-publish","hentry"],"blocksy_meta":[],"_links":{"self":[{"href":"http:\/\/bambutec.com.br\/en\/wp-json\/wp\/v2\/pages\/29","targetHints":{"allow":["GET"]}}],"collection":[{"href":"http:\/\/bambutec.com.br\/en\/wp-json\/wp\/v2\/pages"}],"about":[{"href":"http:\/\/bambutec.com.br\/en\/wp-json\/wp\/v2\/types\/page"}],"author":[{"embeddable":true,"href":"http:\/\/bambutec.com.br\/en\/wp-json\/wp\/v2\/users\/1"}],"replies":[{"embeddable":true,"href":"http:\/\/bambutec.com.br\/en\/wp-json\/wp\/v2\/comments?post=29"}],"version-history":[{"count":33,"href":"http:\/\/bambutec.com.br\/en\/wp-json\/wp\/v2\/pages\/29\/revisions"}],"predecessor-version":[{"id":1907,"href":"http:\/\/bambutec.com.br\/en\/wp-json\/wp\/v2\/pages\/29\/revisions\/1907"}],"wp:attachment":[{"href":"http:\/\/bambutec.com.br\/en\/wp-json\/wp\/v2\/media?parent=29"}],"curies":[{"name":"wp","href":"https:\/\/api.w.org\/{rel}","templated":true}]}}